{"version":"1.0","provider_name":"Amicale des anciens du 8\u00e8me R\u00e9giment de Hussards","provider_url":"https:\/\/amicale-8-hussards.com\/wp","author_name":"Webmaster","author_url":"https:\/\/amicale-8-hussards.com\/wp\/author\/p-barge\/","title":"D\u00e9c\u00e8s Andr\u00e9 Blond\u00e9 - Amicale des anciens du 8\u00e8me R\u00e9giment de Hussards","type":"rich","width":600,"height":338,"html":"<blockquote class=\"wp-embedded-content\" data-secret=\"qJMUIbJj3V\"><a href=\"https:\/\/amicale-8-hussards.com\/wp\/deces_andre_blonde\/\">D\u00e9c\u00e8s Andr\u00e9 Blond\u00e9<\/a><\/blockquote><iframe sandbox=\"allow-scripts\" security=\"restricted\" src=\"https:\/\/amicale-8-hussards.com\/wp\/deces_andre_blonde\/embed\/#?secret=qJMUIbJj3V\" width=\"600\" height=\"338\" title=\"\u00ab\u00a0D\u00e9c\u00e8s Andr\u00e9 Blond\u00e9\u00a0\u00bb &#8212; Amicale des anciens du 8\u00e8me R\u00e9giment de Hussards\" data-secret=\"qJMUIbJj3V\" frameborder=\"0\" marginwidth=\"0\" marginheight=\"0\" scrolling=\"no\" class=\"wp-embedded-content\"><\/iframe><script>\n\/*! This file is auto-generated *\/\n!function(d,l){\"use strict\";l.querySelector&&d.addEventListener&&\"undefined\"!=typeof URL&&(d.wp=d.wp||{},d.wp.receiveEmbedMessage||(d.wp.receiveEmbedMessage=function(e){var t=e.data;if((t||t.secret||t.message||t.value)&&!\/[^a-zA-Z0-9]\/.test(t.secret)){for(var s,r,n,a=l.querySelectorAll('iframe[data-secret=\"'+t.secret+'\"]'),o=l.querySelectorAll('blockquote[data-secret=\"'+t.secret+'\"]'),c=new RegExp(\"^https?:$\",\"i\"),i=0;i<o.length;i++)o[i].style.display=\"none\";for(i=0;i<a.length;i++)s=a[i],e.source===s.contentWindow&&(s.removeAttribute(\"style\"),\"height\"===t.message?(1e3<(r=parseInt(t.value,10))?r=1e3:~~r<200&&(r=200),s.height=r):\"link\"===t.message&&(r=new URL(s.getAttribute(\"src\")),n=new URL(t.value),c.test(n.protocol))&&n.host===r.host&&l.activeElement===s&&(d.top.location.href=t.value))}},d.addEventListener(\"message\",d.wp.receiveEmbedMessage,!1),l.addEventListener(\"DOMContentLoaded\",function(){for(var e,t,s=l.querySelectorAll(\"iframe.wp-embedded-content\"),r=0;r<s.length;r++)(t=(e=s[r]).getAttribute(\"data-secret\"))||(t=Math.random().toString(36).substring(2,12),e.src+=\"#?secret=\"+t,e.setAttribute(\"data-secret\",t)),e.contentWindow.postMessage({message:\"ready\",secret:t},\"*\")},!1)))}(window,document);\n\/\/# sourceURL=https:\/\/amicale-8-hussards.com\/wp\/wp-includes\/js\/wp-embed.min.js\n<\/script>\n","thumbnail_url":"https:\/\/amicale-8-hussards.com\/wp\/wp-content\/uploads\/2023\/04\/ANDRE-BLONDE.jpg","thumbnail_width":160,"thumbnail_height":160,"description":"D\u00e9c\u00e8s Andr\u00e9 Blond\u00e9 Nous avons appris le d\u00e9c\u00e8s d&rsquo;Andr\u00e9 Blond\u00e9 le 17 avril 2023 \u00e0 Wolfersdorf. Engag\u00e9 en 1955 en Allemagne \u00e0\u00a0 Friedrichshafen au 5e Hussards. Il rejoint en 1961 le 8e r\u00e9giment de Hussards en Alg\u00e9rie, puis \u00e0 COLMAR, et \u00e0 ALTKIRCH. Il a fini sa carri\u00e8re comme Adjudant Chef\u00a0 en 1973 lorsqu&rsquo;il prend [&hellip;]"}