{"version":"1.0","provider_name":"Amicale des anciens du 8\u00e8me R\u00e9giment de Hussards","provider_url":"https:\/\/amicale-8-hussards.com\/wp","author_name":"Webmaster","author_url":"https:\/\/amicale-8-hussards.com\/wp\/author\/p-barge\/","title":"D\u00e9c\u00e8s Gal Gilbert Fi\u00e9vet - Amicale des anciens du 8\u00e8me R\u00e9giment de Hussards","type":"rich","width":600,"height":338,"html":"<blockquote class=\"wp-embedded-content\" data-secret=\"sNBvSwIUCu\"><a href=\"https:\/\/amicale-8-hussards.com\/wp\/deces-gilbert-fievet\/\">D\u00e9c\u00e8s Gal Gilbert Fi\u00e9vet<\/a><\/blockquote><iframe sandbox=\"allow-scripts\" security=\"restricted\" src=\"https:\/\/amicale-8-hussards.com\/wp\/deces-gilbert-fievet\/embed\/#?secret=sNBvSwIUCu\" width=\"600\" height=\"338\" title=\"\u00ab\u00a0D\u00e9c\u00e8s Gal Gilbert Fi\u00e9vet\u00a0\u00bb &#8212; Amicale des anciens du 8\u00e8me R\u00e9giment de Hussards\" data-secret=\"sNBvSwIUCu\" frameborder=\"0\" marginwidth=\"0\" marginheight=\"0\" scrolling=\"no\" class=\"wp-embedded-content\"><\/iframe><script>\n\/*! This file is auto-generated *\/\n!function(d,l){\"use strict\";l.querySelector&&d.addEventListener&&\"undefined\"!=typeof URL&&(d.wp=d.wp||{},d.wp.receiveEmbedMessage||(d.wp.receiveEmbedMessage=function(e){var t=e.data;if((t||t.secret||t.message||t.value)&&!\/[^a-zA-Z0-9]\/.test(t.secret)){for(var s,r,n,a=l.querySelectorAll('iframe[data-secret=\"'+t.secret+'\"]'),o=l.querySelectorAll('blockquote[data-secret=\"'+t.secret+'\"]'),c=new RegExp(\"^https?:$\",\"i\"),i=0;i<o.length;i++)o[i].style.display=\"none\";for(i=0;i<a.length;i++)s=a[i],e.source===s.contentWindow&&(s.removeAttribute(\"style\"),\"height\"===t.message?(1e3<(r=parseInt(t.value,10))?r=1e3:~~r<200&&(r=200),s.height=r):\"link\"===t.message&&(r=new URL(s.getAttribute(\"src\")),n=new URL(t.value),c.test(n.protocol))&&n.host===r.host&&l.activeElement===s&&(d.top.location.href=t.value))}},d.addEventListener(\"message\",d.wp.receiveEmbedMessage,!1),l.addEventListener(\"DOMContentLoaded\",function(){for(var e,t,s=l.querySelectorAll(\"iframe.wp-embedded-content\"),r=0;r<s.length;r++)(t=(e=s[r]).getAttribute(\"data-secret\"))||(t=Math.random().toString(36).substring(2,12),e.src+=\"#?secret=\"+t,e.setAttribute(\"data-secret\",t)),e.contentWindow.postMessage({message:\"ready\",secret:t},\"*\")},!1)))}(window,document);\n\/\/# sourceURL=https:\/\/amicale-8-hussards.com\/wp\/wp-includes\/js\/wp-embed.min.js\n<\/script>\n","thumbnail_url":"https:\/\/amicale-8-hussards.com\/wp\/wp-content\/uploads\/2023\/08\/Lcl-Fievet-a-1.jpg","thumbnail_width":1519,"thumbnail_height":1259,"description":"D\u00e9c\u00e8s Gal Gilbert Fi\u00e9vet Nous avons appris le d\u00e9c\u00e8s le 19 aout 2023 du g\u00e9n\u00e9ral de division Gilbert Fi\u00e9vet, chef de corps du 8\u00e8me Hussards de 1968\u00a0 \u00e0 1970. Il \u00e9tait \u00e2g\u00e9 de 100 ans. L\u2019Amicale pr\u00e9sente ses tr\u00e8s sinc\u00e8res condol\u00e9ances \u00e0 la famille et l\u2019assure de sa solidarit\u00e9."}