{"version":"1.0","provider_name":"Amicale des anciens du 8\u00e8me R\u00e9giment de Hussards","provider_url":"https:\/\/amicale-8-hussards.com\/wp","author_name":"Webmaster","author_url":"https:\/\/amicale-8-hussards.com\/wp\/author\/p-barge\/","title":"D\u00e9c\u00e8s de Fran\u00e7ois Pic-P\u00e2ris - Amicale des anciens du 8\u00e8me R\u00e9giment de Hussards","type":"rich","width":600,"height":338,"html":"<blockquote class=\"wp-embedded-content\" data-secret=\"cQvL4TowUg\"><a href=\"https:\/\/amicale-8-hussards.com\/wp\/deces-de-francois-pic-paris\/\">D\u00e9c\u00e8s de Fran\u00e7ois Pic-P\u00e2ris<\/a><\/blockquote><iframe sandbox=\"allow-scripts\" security=\"restricted\" src=\"https:\/\/amicale-8-hussards.com\/wp\/deces-de-francois-pic-paris\/embed\/#?secret=cQvL4TowUg\" width=\"600\" height=\"338\" title=\"\u00ab\u00a0D\u00e9c\u00e8s de Fran\u00e7ois Pic-P\u00e2ris\u00a0\u00bb &#8212; Amicale des anciens du 8\u00e8me R\u00e9giment de Hussards\" data-secret=\"cQvL4TowUg\" frameborder=\"0\" marginwidth=\"0\" marginheight=\"0\" scrolling=\"no\" class=\"wp-embedded-content\"><\/iframe><script>\n\/*! This file is auto-generated *\/\n!function(d,l){\"use strict\";l.querySelector&&d.addEventListener&&\"undefined\"!=typeof URL&&(d.wp=d.wp||{},d.wp.receiveEmbedMessage||(d.wp.receiveEmbedMessage=function(e){var t=e.data;if((t||t.secret||t.message||t.value)&&!\/[^a-zA-Z0-9]\/.test(t.secret)){for(var s,r,n,a=l.querySelectorAll('iframe[data-secret=\"'+t.secret+'\"]'),o=l.querySelectorAll('blockquote[data-secret=\"'+t.secret+'\"]'),c=new RegExp(\"^https?:$\",\"i\"),i=0;i<o.length;i++)o[i].style.display=\"none\";for(i=0;i<a.length;i++)s=a[i],e.source===s.contentWindow&&(s.removeAttribute(\"style\"),\"height\"===t.message?(1e3<(r=parseInt(t.value,10))?r=1e3:~~r<200&&(r=200),s.height=r):\"link\"===t.message&&(r=new URL(s.getAttribute(\"src\")),n=new URL(t.value),c.test(n.protocol))&&n.host===r.host&&l.activeElement===s&&(d.top.location.href=t.value))}},d.addEventListener(\"message\",d.wp.receiveEmbedMessage,!1),l.addEventListener(\"DOMContentLoaded\",function(){for(var e,t,s=l.querySelectorAll(\"iframe.wp-embedded-content\"),r=0;r<s.length;r++)(t=(e=s[r]).getAttribute(\"data-secret\"))||(t=Math.random().toString(36).substring(2,12),e.src+=\"#?secret=\"+t,e.setAttribute(\"data-secret\",t)),e.contentWindow.postMessage({message:\"ready\",secret:t},\"*\")},!1)))}(window,document);\n\/\/# sourceURL=https:\/\/amicale-8-hussards.com\/wp\/wp-includes\/js\/wp-embed.min.js\n<\/script>\n","thumbnail_url":"https:\/\/amicale-8-hussards.com\/wp\/wp-content\/uploads\/2026\/07\/mariage-FPP_2-.jpeg","thumbnail_width":1976,"thumbnail_height":988,"description":"D\u00e9c\u00e8s de Fran\u00e7ois Pic-P\u00e2ris Nous avons appris le d\u00e9c\u00e8s de Fran\u00e7ois PIC-PARIS, le 10 juillet 2026, \u00e0 l\u2019\u00e2ge de 91 ans. Il avait servi \u00a0au 8\u00e8me Hussards en tant que lieutenant de 1959 \u00e0 1964.\u00a0 Amicaliste fid\u00e8le, Il \u00e9tait officier de la l\u00e9gion d\u2019Honneur \u00a0\u00a0\u00a0 J\u2019ai fait la connaissance de \u00a0Fran\u00e7ois Pic-Paris en 1999.Lors de [&hellip;]"}