{"version":"1.0","provider_name":"Amicale des anciens du 8\u00e8me R\u00e9giment de Hussards","provider_url":"https:\/\/amicale-8-hussards.com\/wp","author_name":"Gal Philippe Schmitt","author_url":"https:\/\/amicale-8-hussards.com\/wp\/author\/schmitt\/","title":"D\u00e9c\u00e8s Anne Pag\u00e8s - Amicale des anciens du 8\u00e8me R\u00e9giment de Hussards","type":"rich","width":600,"height":338,"html":"<blockquote class=\"wp-embedded-content\" data-secret=\"f1zTVPcbUa\"><a href=\"https:\/\/amicale-8-hussards.com\/wp\/deces-anne-pages\/\">D\u00e9c\u00e8s Anne Pag\u00e8s<\/a><\/blockquote><iframe sandbox=\"allow-scripts\" security=\"restricted\" src=\"https:\/\/amicale-8-hussards.com\/wp\/deces-anne-pages\/embed\/#?secret=f1zTVPcbUa\" width=\"600\" height=\"338\" title=\"\u00ab\u00a0D\u00e9c\u00e8s Anne Pag\u00e8s\u00a0\u00bb &#8212; Amicale des anciens du 8\u00e8me R\u00e9giment de Hussards\" data-secret=\"f1zTVPcbUa\" frameborder=\"0\" marginwidth=\"0\" marginheight=\"0\" scrolling=\"no\" class=\"wp-embedded-content\"><\/iframe><script>\n\/*! This file is auto-generated *\/\n!function(d,l){\"use strict\";l.querySelector&&d.addEventListener&&\"undefined\"!=typeof URL&&(d.wp=d.wp||{},d.wp.receiveEmbedMessage||(d.wp.receiveEmbedMessage=function(e){var t=e.data;if((t||t.secret||t.message||t.value)&&!\/[^a-zA-Z0-9]\/.test(t.secret)){for(var s,r,n,a=l.querySelectorAll('iframe[data-secret=\"'+t.secret+'\"]'),o=l.querySelectorAll('blockquote[data-secret=\"'+t.secret+'\"]'),c=new RegExp(\"^https?:$\",\"i\"),i=0;i<o.length;i++)o[i].style.display=\"none\";for(i=0;i<a.length;i++)s=a[i],e.source===s.contentWindow&&(s.removeAttribute(\"style\"),\"height\"===t.message?(1e3<(r=parseInt(t.value,10))?r=1e3:~~r<200&&(r=200),s.height=r):\"link\"===t.message&&(r=new URL(s.getAttribute(\"src\")),n=new URL(t.value),c.test(n.protocol))&&n.host===r.host&&l.activeElement===s&&(d.top.location.href=t.value))}},d.addEventListener(\"message\",d.wp.receiveEmbedMessage,!1),l.addEventListener(\"DOMContentLoaded\",function(){for(var e,t,s=l.querySelectorAll(\"iframe.wp-embedded-content\"),r=0;r<s.length;r++)(t=(e=s[r]).getAttribute(\"data-secret\"))||(t=Math.random().toString(36).substring(2,12),e.src+=\"#?secret=\"+t,e.setAttribute(\"data-secret\",t)),e.contentWindow.postMessage({message:\"ready\",secret:t},\"*\")},!1)))}(window,document);\n\/\/# sourceURL=https:\/\/amicale-8-hussards.com\/wp\/wp-includes\/js\/wp-embed.min.js\n<\/script>\n","thumbnail_url":"https:\/\/amicale-8-hussards.com\/wp\/wp-content\/uploads\/2021\/07\/croix_noire.webp","thumbnail_width":270,"thumbnail_height":270,"description":"D\u00e9c\u00e8s Anne Pag\u00e8s Nous avons appris le d\u00e9c\u00e8s de Anne PAGES, veuve du g\u00e9n\u00e9ral Jacques Pag\u00e8s, chef de corps du 8\u00e8me Hussards (1976 \u2013 1978), le 28 mai 2023. Ses obs\u00e8ques se sont d\u00e9roul\u00e9es le samedi 3 juin \u00e0 Sercy (Sa\u00f4ne-et-Loire). L\u2019Amicale pr\u00e9sente ses tr\u00e8s sinc\u00e8res condol\u00e9ances \u00e0 la famille et l\u2019assure de sa solidarit\u00e9."}